{"id":5997,"date":"2023-12-04T16:40:44","date_gmt":"2023-12-04T15:40:44","guid":{"rendered":"https:\/\/coettga.es\/legislacion-y-enlaces-de-interes\/"},"modified":"2024-03-08T10:06:51","modified_gmt":"2024-03-08T09:06:51","slug":"legislacion-y-enlaces-de-interes","status":"publish","type":"page","link":"https:\/\/coettga.es\/es\/legislacion-y-enlaces-de-interes\/","title":{"rendered":"Legislaci\u00f3n y enlaces de inter\u00e9s"},"content":{"rendered":"\t\t<div data-elementor-type=\"wp-page\" data-elementor-id=\"5997\" class=\"elementor elementor-5997\" data-elementor-post-type=\"page\">\n\t\t\t\t\t\t<section class=\"elementor-section elementor-top-section elementor-element elementor-element-34a6c14 elementor-section-boxed elementor-section-height-default elementor-section-height-default\" data-id=\"34a6c14\" data-element_type=\"section\">\n\t\t\t\t\t\t<div class=\"elementor-container elementor-column-gap-default\">\n\t\t\t\t\t<div class=\"elementor-column elementor-col-100 elementor-top-column elementor-element elementor-element-beb025f\" data-id=\"beb025f\" data-element_type=\"column\">\n\t\t\t<div class=\"elementor-widget-wrap elementor-element-populated\">\n\t\t\t\t\t\t<div class=\"elementor-element elementor-element-90c2054 elementor-widget elementor-widget-heading\" data-id=\"90c2054\" data-element_type=\"widget\" data-widget_type=\"heading.default\">\n\t\t\t\t<div class=\"elementor-widget-container\">\n\t\t\t\t\t<h2 class=\"elementor-heading-title elementor-size-default\">Legislaci\u00f3n y enlaces de inter\u00e9s<\/h2>\t\t\t\t<\/div>\n\t\t\t\t<\/div>\n\t\t\t\t\t<\/div>\n\t\t<\/div>\n\t\t\t\t\t<\/div>\n\t\t<\/section>\n\t\t\t\t<section class=\"elementor-section elementor-top-section elementor-element elementor-element-1d22a9f elementor-section-boxed elementor-section-height-default elementor-section-height-default\" data-id=\"1d22a9f\" data-element_type=\"section\">\n\t\t\t\t\t\t<div class=\"elementor-container elementor-column-gap-default\">\n\t\t\t\t\t<div class=\"elementor-column elementor-col-100 elementor-top-column elementor-element elementor-element-ca8d17d\" data-id=\"ca8d17d\" data-element_type=\"column\">\n\t\t\t<div class=\"elementor-widget-wrap elementor-element-populated\">\n\t\t\t\t\t\t<div class=\"elementor-element elementor-element-50aefe1 elementor-widget elementor-widget-text-editor\" data-id=\"50aefe1\" data-element_type=\"widget\" data-widget_type=\"text-editor.default\">\n\t\t\t\t<div class=\"elementor-widget-container\">\n\t\t\t\t\t\t\t\t\t<h3>Gu\u00eda T\u00e9cnica de Infraestructuras de Fogar Dixital<\/h3>\n<ul>\n<li style=\"list-style-type: none;\">\n<ul>\n<li><a href=\"https:\/\/www.aetg.gal\/sites\/default\/files\/presentacion_hd_coit_2020_completo.pdf\" target=\"blank\">Gu\u00eda T\u00e9cnica Infraestruturas de Fogar Dixital<\/a><\/li>\n<li><a href=\"https:\/\/www.aetg.gal\/sites\/default\/files\/documents\/Anexo%20planos%20Presentacion%20Guia%20FD%20FINALweb.pdf\">Anexo planos Gu\u00eda IFD<\/a><\/li>\n<li><a href=\"http:\/\/www.aetg.gal\/articulos\/proxecto-tipo-fogar-dixital\">Proyecto Tipo Fogar Dixital<\/a><\/li>\n<\/ul>\n<\/li>\n<\/ul>\n\t\t\t\t\t\t\t\t<\/div>\n\t\t\t\t<\/div>\n\t\t\t\t\t<\/div>\n\t\t<\/div>\n\t\t\t\t\t<\/div>\n\t\t<\/section>\n\t\t\t\t<section class=\"elementor-section elementor-top-section elementor-element elementor-element-223d416 elementor-section-boxed elementor-section-height-default elementor-section-height-default\" data-id=\"223d416\" data-element_type=\"section\">\n\t\t\t\t\t\t<div class=\"elementor-container elementor-column-gap-default\">\n\t\t\t\t\t<div class=\"elementor-column elementor-col-100 elementor-top-column elementor-element elementor-element-df9bc8c\" data-id=\"df9bc8c\" data-element_type=\"column\">\n\t\t\t<div class=\"elementor-widget-wrap elementor-element-populated\">\n\t\t\t\t\t\t<div class=\"elementor-element elementor-element-bf1bcab elementor-widget elementor-widget-text-editor\" data-id=\"bf1bcab\" data-element_type=\"widget\" data-widget_type=\"text-editor.default\">\n\t\t\t\t<div class=\"elementor-widget-container\">\n\t\t\t\t\t\t\t\t\t<h3>Otras gu\u00edas de inter\u00e9s<\/h3>\n<ul>\n<li style=\"list-style-type: none;\">\n<ul>\n<li><a href=\"https:\/\/www.aetg.gal\/sites\/default\/files\/Gu%C3%ADa%20de%20Solucio%CC%81ns%20de%20Conectividade%20na%20casa%20ante%20a%20crise%20do%20COVID-19.pdf\" target=\"blank\">Gu\u00eda de Soluciones de Conectividad en casa ante la crisis del COVID-19<\/a><\/li>\n<li><a href=\"https:\/\/www.aetg.gal\/sites\/default\/files\/Gu%C3%ADa%20Casos%20pr%C3%A1cticos%20de%20tramitaci%C3%B3n%20de%20infraestruturas%20de%20telecomunicaci%C3%B3n%20nos%20concellos%202020.pdf\" target=\"blank\">Presentaci\u00f3n Gu\u00eda Casos Pr\u00e1cticos Tramitaci\u00f3n Infraestructuras Telecomunicaciones<\/a><\/li>\n<li><a href=\"http:\/\/www.aetg.gal\/sites\/default\/files\/AETG_Recomendaci%C3%B3ns_Infraestruturas_Telecomunicaci%C3%B3n_Plans_Urban%C3%ADsticos.pdf\" target=\"_blank\" rel=\"noopener\">Recomendaciones para la introducci\u00f3n de infraestructuras de telecomunicaci\u00f3n en planes urban\u00edsticos municipales<\/a><\/li>\n<li><a href=\"http:\/\/www.aetg.gal\/sites\/default\/files\/guia_boas_practicas_despregue_infraestruturas_telecomunicacion.pdf\" target=\"_blank\" rel=\"noopener\">Gu\u00eda para el despliegue de Infraestructuras de Telecomunicaci\u00f3n<\/a><\/li>\n<li><a href=\"http:\/\/www.aetg.gal\/sites\/default\/files\/guia_practica_para_a_implementacion_do_edificio_e_o_fogar_dixital.pdf\" target=\"_blank\" rel=\"noopener\">Gu\u00eda pr\u00e1ctica para la implementaci\u00f3n del Edificio y el Hogar Digital<\/a><\/li>\n<\/ul>\n<\/li>\n<\/ul>\n\t\t\t\t\t\t\t\t<\/div>\n\t\t\t\t<\/div>\n\t\t\t\t\t<\/div>\n\t\t<\/div>\n\t\t\t\t\t<\/div>\n\t\t<\/section>\n\t\t\t\t<section class=\"elementor-section elementor-top-section elementor-element elementor-element-67b98ea elementor-section-boxed elementor-section-height-default elementor-section-height-default\" data-id=\"67b98ea\" data-element_type=\"section\">\n\t\t\t\t\t\t<div class=\"elementor-container elementor-column-gap-default\">\n\t\t\t\t\t<div class=\"elementor-column elementor-col-100 elementor-top-column elementor-element elementor-element-877d7d6\" data-id=\"877d7d6\" data-element_type=\"column\">\n\t\t\t<div class=\"elementor-widget-wrap elementor-element-populated\">\n\t\t\t\t\t\t<div class=\"elementor-element elementor-element-dc6a77f elementor-widget elementor-widget-text-editor\" data-id=\"dc6a77f\" data-element_type=\"widget\" data-widget_type=\"text-editor.default\">\n\t\t\t\t<div class=\"elementor-widget-container\">\n\t\t\t\t\t\t\t\t\t<h3>Planes y proyectos sectoriales de Telecomunicaciones. Ordenaci\u00f3n del territorio de Galicia<\/h3>\n<ul>\n<li style=\"list-style-type: none;\">\n<ul>\n<li><a href=\"http:\/\/amtega.xunta.gal\/plan-sectorial-de-implantacion-e-desenvolvemento-das-infraestruturas-da-administracion-xeral-e-do\" target=\"_blank\" rel=\"noopener\">Plan sectorial de implantaci\u00f3n y desarrollo de las infraestructuras de la Administraci\u00f3n general y del sector p\u00fablico auton\u00f3mico de Galicia gestionadas por Retegal<\/a>\n<ul>\n<li><a href=\"http:\/\/www.aetg.gal\/sites\/default\/files\/01%20An%C3%A1lise%20da%20relaci%C3%B3n%20co%20Planeamento%20urban%C3%ADstico%20municipal.pdf\" target=\"_blank\" rel=\"noopener\">An\u00e1lisis de la relaci\u00f3n con el planeamento urban\u00edstico municipal<\/a><\/li>\n<li><a href=\"http:\/\/www.aetg.gal\/sites\/default\/files\/02%20Listado%20de%20Infraestructuras%20Existentes%20Provicia%20de%20A%20Coru%C3%B1a.pdf\" target=\"_blank\" rel=\"noopener\">Listado de infraestructuras y Ayuntamientos . A Coru\u00f1a<\/a><\/li>\n<li><a href=\"http:\/\/www.aetg.gal\/sites\/default\/files\/03%20Listado%20de%20Infraestructuras%20Existentes%20Provicia%20de%20Lugo.pdf\" target=\"_blank\" rel=\"noopener\">Listado de infraestructuras y Ayuntamientos . Lugo<\/a><\/li>\n<li><a href=\"http:\/\/www.aetg.gal\/sites\/default\/files\/04%20Listado%20de%20Infraestructuras%20Existentes%20Provicia%20de%20Ourense.pdf\" target=\"_blank\" rel=\"noopener\">Listado de infraestructuras y Ayuntamientos . Ourense<\/a><\/li>\n<li><a href=\"http:\/\/www.aetg.gal\/sites\/default\/files\/05%20Listado%20de%20Infraestructuras%20Existentes%20Provicia%20de%20Pontevedra.pdf\" target=\"_blank\" rel=\"noopener\">Listado de infraestructuras y Ayuntamientos . Pontevedra<\/a><\/li>\n<\/ul>\n<\/li>\n<li><a href=\"http:\/\/amtega.xunta.gal\/proxecto-sectorial-0114\" target=\"_blank\" rel=\"noopener\">Proyecto sectorial 01_14 de infraestructuras de telecomunicaciones de nueva implantaci\u00f3n gestionadas por Retegal<\/a>\n<ul>\n<li><a href=\"http:\/\/www.aetg.gal\/sites\/default\/files\/06%20Listado%20infraestruturas%20dos%20Proxectos%20sectoriais%2001_14%20e%2002_14.pdf\" target=\"blank\">Listado de infraestructuras y Ayuntamientos<\/a><\/li>\n<\/ul>\n<\/li>\n<li><a href=\"http:\/\/amtega.xunta.gal\/proxecto-sectorial-0214\" target=\"_blank\" rel=\"noopener\">Proyecto sectorial 02_14 de infraestructuras de telecomunicaciones de nueva implantaci\u00f3n gestionadas por Retegal<\/a>\n<ul>\n<li><a href=\"http:\/\/www.aetg.gal\/sites\/default\/files\/06%20Listado%20infraestruturas%20dos%20Proxectos%20sectoriais%2001_14%20e%2002_14.pdf\" target=\"blank\">Listado de infraestructuras y Ayuntamientos<\/a><\/li>\n<\/ul>\n<\/li>\n<\/ul>\n<\/li>\n<\/ul>\n\t\t\t\t\t\t\t\t<\/div>\n\t\t\t\t<\/div>\n\t\t\t\t\t<\/div>\n\t\t<\/div>\n\t\t\t\t\t<\/div>\n\t\t<\/section>\n\t\t\t\t<section class=\"elementor-section elementor-top-section elementor-element elementor-element-9f25ef4 elementor-section-boxed elementor-section-height-default elementor-section-height-default\" data-id=\"9f25ef4\" data-element_type=\"section\">\n\t\t\t\t\t\t<div class=\"elementor-container elementor-column-gap-default\">\n\t\t\t\t\t<div class=\"elementor-column elementor-col-100 elementor-top-column elementor-element elementor-element-1063c3d\" data-id=\"1063c3d\" data-element_type=\"column\">\n\t\t\t<div class=\"elementor-widget-wrap elementor-element-populated\">\n\t\t\t\t\t\t<div class=\"elementor-element elementor-element-bdeeea1 elementor-widget elementor-widget-text-editor\" data-id=\"bdeeea1\" data-element_type=\"widget\" data-widget_type=\"text-editor.default\">\n\t\t\t\t<div class=\"elementor-widget-container\">\n\t\t\t\t\t\t\t\t\t<h3>Enlaces de inter\u00e9s<\/h3>\n<ul>\n<li style=\"list-style-type: none;\">\n<ul>\n<li><a href=\"https:\/\/www.boe.es\/diario_boe\/txt.php?id=BOE-A-2019-6997\" target=\"_blank\" rel=\"noopener\">Orden ECE\/529\/2019, de 26 de abril, por la que se pone en funcionamiento el Punto de Informaci\u00f3n \u00danico establecido en el Real Decreto 330\/2016, de 9 de septiembre, relativo a medidas para reducir el coste del despliegue de las redes de comunicaciones electr\u00f3nicas de alta velocidad.<\/a><\/li>\n<li><a href=\"https:\/\/cmaot.xunta.gal\/seccion-organizacion\/c\/CMAOT_SX_de_Organizacion_do_Territorio_e_Urbanismo?content=SX_Ordenacion_Territorio_Urbanismo\/Estado\/seccion.html&amp;std=plan_basico_autonomico.html#\" target=\"_blank\" rel=\"noopener\">Plan B\u00e1sico Auton\u00f3mico<\/a> de Galicia da Conseller\u00eda de Medio ambiente e Ordenaci\u00f3n do territorio (Decreto 83\/2018, do 26 de xullo. <a href=\"https:\/\/www.xunta.gal\/dog\/Publicados\/2018\/20180827\/AnuncioG0422-090818-0001_gl.pdf\" target=\"_blank\" rel=\"noopener\">DOG N\u00ba 162 do 27 de agosto de 2018)<\/a><\/li>\n<\/ul>\n<\/li>\n<li style=\"list-style-type: none;\">\n<ul>\n<li><a href=\"https:\/\/www.coit.es\/index.php?op=expertos\" target=\"_blank\" rel=\"noopener\">Listado de Ingenieros de Telecomunicaci\u00f3n expertos en proyecto visados o verificados<\/a><\/li>\n<\/ul>\n<\/li>\n<li style=\"list-style-type: none;\">\n<ul>\n<li><a href=\"https:\/\/numeracionyoperadores.cnmc.es\/operadores\" target=\"_blank\" rel=\"noopener\">Registro de operadores de comunicaciones electr\u00f3nicas de la CNMC<\/a><\/li>\n<\/ul>\n<\/li>\n<li style=\"list-style-type: none;\">\n<ul>\n<li><a href=\"http:\/\/amtega.xunta.gal\/o-plan-econcellos\" target=\"_blank\" rel=\"noopener\">Plan eConcellos de la AMTEGA<\/a><\/li>\n<\/ul>\n<\/li>\n<li style=\"list-style-type: none;\">\n<ul>\n<li><a href=\"http:\/\/www.minetad.gob.es\/telecomunicaciones\/urbanismo-despliegue-redes\/informes\/Paginas\/tramitacion-informe.aspx#dt5\" target=\"_blank\" rel=\"noopener\">Tramitaci\u00f3n del Informe ante el Ministerio de Energ\u00eda, Turismo y Agenda Digital<\/a><\/li>\n<\/ul>\n<\/li>\n<\/ul>\n\t\t\t\t\t\t\t\t<\/div>\n\t\t\t\t<\/div>\n\t\t\t\t\t<\/div>\n\t\t<\/div>\n\t\t\t\t\t<\/div>\n\t\t<\/section>\n\t\t\t\t<section class=\"elementor-section elementor-top-section elementor-element elementor-element-108c70d elementor-section-boxed elementor-section-height-default elementor-section-height-default\" data-id=\"108c70d\" data-element_type=\"section\">\n\t\t\t\t\t\t<div class=\"elementor-container elementor-column-gap-default\">\n\t\t\t\t\t<div class=\"elementor-column elementor-col-100 elementor-top-column elementor-element elementor-element-6044195\" data-id=\"6044195\" data-element_type=\"column\">\n\t\t\t<div class=\"elementor-widget-wrap elementor-element-populated\">\n\t\t\t\t\t\t<div class=\"elementor-element elementor-element-082a197 elementor-widget elementor-widget-text-editor\" data-id=\"082a197\" data-element_type=\"widget\" data-widget_type=\"text-editor.default\">\n\t\t\t\t<div class=\"elementor-widget-container\">\n\t\t\t\t\t\t\t\t\t<h3>Normativa de telecomunicaciones<\/h3>\n<h3>&#8211; Estatal<\/h3>\n<ul>\n<li style=\"list-style-type: none;\">\n<ul>\n<li><a href=\"https:\/\/www.boe.es\/buscar\/act.php?id=BOE-A-2022-10757\">Ley 11\/2022, de 28 de junio, General de Telecomunicaciones<\/a><\/li>\n<li><a href=\"http:\/\/www.aetg.gal\/sites\/default\/files\/BOE-A-2014-4950-consolidado.pdf\" target=\"_blank\" rel=\"noopener\">Ley 9\/2014, de 9 de mayo, General de Telecomunicaciones<\/a><\/li>\n<li><a href=\"http:\/\/www.aetg.gal\/sites\/default\/files\/RD%20330_2016_de%20medidas%20para%20reducci%C3%B3n%20costes%20del%20despliegue%20de%20redes.pdf\" target=\"_blank\" rel=\"noopener\">Real decreto 330\/2016, de 15 de septiembre , relativo a medidas para reducir el coste del despliegue de las redes de comunicaciones electr\u00f3nicas de alta velocidad<\/a><\/li>\n<li><a href=\"https:\/\/www.boe.es\/diario_boe\/txt.php?id=BOE-A-2012-15595\" target=\"_blank\" rel=\"noopener\">Ley 12\/2012, de 26 de diciembre, de medidas urgentes de liberalizaci\u00f3n del comercio y de determinados servicios<\/a><\/li>\n<li><a href=\"https:\/\/www.boe.es\/boe\/dias\/2012\/03\/31\/pdfs\/BOE-A-2012-4442.pdf\" target=\"_blank\" rel=\"noopener\">Real Decreto-Ley 13\/2012, de 30 de marzo, de transposici\u00f3n de directivas europeas en materia de mercados interiores de electricidad y gas y en materia de comunicaciones electr\u00f3nicas<\/a><\/li>\n<\/ul>\n<\/li>\n<\/ul>\n\t\t\t\t\t\t\t\t<\/div>\n\t\t\t\t<\/div>\n\t\t\t\t\t<\/div>\n\t\t<\/div>\n\t\t\t\t\t<\/div>\n\t\t<\/section>\n\t\t\t\t<section class=\"elementor-section elementor-top-section elementor-element elementor-element-98cffeb elementor-section-boxed elementor-section-height-default elementor-section-height-default\" data-id=\"98cffeb\" data-element_type=\"section\">\n\t\t\t\t\t\t<div class=\"elementor-container elementor-column-gap-default\">\n\t\t\t\t\t<div class=\"elementor-column elementor-col-100 elementor-top-column elementor-element elementor-element-3786bd2\" data-id=\"3786bd2\" data-element_type=\"column\">\n\t\t\t<div class=\"elementor-widget-wrap elementor-element-populated\">\n\t\t\t\t\t\t<div class=\"elementor-element elementor-element-04ce77f elementor-widget elementor-widget-text-editor\" data-id=\"04ce77f\" data-element_type=\"widget\" data-widget_type=\"text-editor.default\">\n\t\t\t\t<div class=\"elementor-widget-container\">\n\t\t\t\t\t\t\t\t\t<h3>&#8211; Auton\u00f3mica<\/h3>\n<ul>\n<li style=\"list-style-type: none;\">\n<ul>\n<li><a href=\"https:\/\/www.xunta.gal\/dog\/Publicados\/2022\/20221219\/AnuncioG0532-091222-0004_gl.html\" target=\"_blank\" rel=\"noopener\">RESOLUCI\u00d3N de 9 de diciembre de 2022, de la Direcci\u00f3n General de Ordenaci\u00f3n del Territorio y Urbanismo, por la que si da publicidad a la Instrucci\u00f3n conjunta de la Direcci\u00f3n General de Ordenaci\u00f3n del Territorio y Urbanismo y de la Direcci\u00f3n de la Agencia para la Modernizaci\u00f3n Tecnol\u00f3gica de Galicia sobre la viabilidad de los tendidos a\u00e9reos de telecomunicaciones en los n\u00facleos rurales tradicionales de la Comunidad Aut\u00f3noma de Galicia.<\/a><\/li>\n<li><a href=\"https:\/\/www.xunta.gal\/dog\/Publicados\/2016\/20160923\/AnuncioG0244-190916-0001_gl.html\" target=\"_blank\" rel=\"noopener\">ORDEN de 19 de septiembre de 2016 por la que si aprueba la Gu\u00eda de especificaciones de las infraestructuras de telecomunicaciones en la Administraci\u00f3n general y las entidades instrumentales del sector p\u00fablico auton\u00f3mico de Galicia.<\/a><\/li>\n<li><a href=\"http:\/\/www.xunta.es\/dog\/Publicados\/2013\/20130607\/AnuncioC3B0-310513-0001_gl.html\" target=\"_blank\" rel=\"noopener\">Ley 3\/2013, de 20 de mayo, de impulso y ordenaci\u00f3n de las infraestructuras de telecomunicaciones de Galicia<\/a><\/li>\n<li><a href=\"http:\/\/www.aetg.gal\/sites\/default\/files\/Decreto%20150_2014_de%20infraestrutras%20soporte%20e%20espazos%20reserva%20para%20despregamento_GAL.pdf\" target=\"_blank\" rel=\"noopener\">Decreto 150\/2014, de 27 de noviembre , por lo que si regulan las infraestructuras de soporte y los espacios de reserva para el despliegue de redes de comunicaciones electr\u00f3nicas en carreteras promovidas por la Administraci\u00f3n general de la Comunidad Aut\u00f3noma de Galicia<\/a><\/li>\n<li><a href=\"http:\/\/www.aetg.gal\/sites\/default\/files\/Decreto%2011_2016_de%20infraestruturas%20de%20telecomunicaci%C3%B3n%20en%20edificios%20da%20Administracion%20xeral.pdf\" target=\"_blank\" rel=\"noopener\">Decreto 11\/2016, de 28 de enero , por lo que si regula la incorporaci\u00f3n de las infraestructuras de telecomunicaciones en los edificios de la Administraci\u00f3n general de la Comunidad Aut\u00f3noma de Galicia<\/a><\/li>\n<\/ul>\n<\/li>\n<\/ul>\n\t\t\t\t\t\t\t\t<\/div>\n\t\t\t\t<\/div>\n\t\t\t\t\t<\/div>\n\t\t<\/div>\n\t\t\t\t\t<\/div>\n\t\t<\/section>\n\t\t\t\t<section class=\"elementor-section elementor-top-section elementor-element elementor-element-10342ef elementor-section-boxed elementor-section-height-default elementor-section-height-default\" data-id=\"10342ef\" data-element_type=\"section\">\n\t\t\t\t\t\t<div class=\"elementor-container elementor-column-gap-default\">\n\t\t\t\t\t<div class=\"elementor-column elementor-col-100 elementor-top-column elementor-element elementor-element-ce73c75\" data-id=\"ce73c75\" data-element_type=\"column\">\n\t\t\t<div class=\"elementor-widget-wrap elementor-element-populated\">\n\t\t\t\t\t\t<div class=\"elementor-element elementor-element-4a3ebce elementor-widget elementor-widget-text-editor\" data-id=\"4a3ebce\" data-element_type=\"widget\" data-widget_type=\"text-editor.default\">\n\t\t\t\t<div class=\"elementor-widget-container\">\n\t\t\t\t\t\t\t\t\t<h3>&#8211; Sectorial<\/h3>\n<h4>Sobre emisiones radioel\u00e9tricas:<\/h4>\n<ul>\n<li style=\"list-style-type: none;\">\n<ul>\n<li><a href=\"https:\/\/www.boe.es\/buscar\/doc.php?id=BOE-A-2001-18256\" target=\"_blank\" rel=\"noopener\">Real Decreto 1066\/2001, de 28 de septiembre, por lo que si aprueba el reglamento que establece las condiciones de protecci\u00f3n del dominio p\u00fablico radioel\u00e9ctrico, restricciones a las emisiones radioel\u00e9ctricas y medidas de protecci\u00f3n sanitaria frente a emisiones radioel\u00e9ctricas<\/a><\/li>\n<li><a href=\"https:\/\/www.boe.es\/diario_boe\/txt.php?id=BOE-A-2017-2460\" target=\"_blank\" rel=\"noopener\">Real Decreto 123\/2017, de 24 de febrero , por lo que si aprueba el Reglamento del uso del dominio p\u00fablico radioel\u00e9ctrico<\/a><\/li>\n<li><a href=\"https:\/\/www.boe.es\/diario_boe\/txt.php?id=BOE-A-2017-5193\" target=\"_blank\" rel=\"noopener\">Resoluci\u00f3n de 4 de mayo de 2017, de la Secretar\u00eda de Estado para la Sociedad de la Informaci\u00f3n y la Agenda Digital, por la que si determinan los tipos de estaciones radioel\u00e9ctricas para los que si requiere una certificaci\u00f3n sustitutiva del acto de reconocimiento t\u00e9cnico previo a la autorizaci\u00f3n para la puesta en servicio<\/a><\/li>\n<\/ul>\n<\/li>\n<\/ul>\n\t\t\t\t\t\t\t\t<\/div>\n\t\t\t\t<\/div>\n\t\t\t\t\t<\/div>\n\t\t<\/div>\n\t\t\t\t\t<\/div>\n\t\t<\/section>\n\t\t\t\t<section class=\"elementor-section elementor-top-section elementor-element elementor-element-24b5867 elementor-section-boxed elementor-section-height-default elementor-section-height-default\" data-id=\"24b5867\" data-element_type=\"section\">\n\t\t\t\t\t\t<div class=\"elementor-container elementor-column-gap-default\">\n\t\t\t\t\t<div class=\"elementor-column elementor-col-100 elementor-top-column elementor-element elementor-element-1136f84\" data-id=\"1136f84\" data-element_type=\"column\">\n\t\t\t<div class=\"elementor-widget-wrap elementor-element-populated\">\n\t\t\t\t\t\t<div class=\"elementor-element elementor-element-288c05e elementor-widget elementor-widget-text-editor\" data-id=\"288c05e\" data-element_type=\"widget\" data-widget_type=\"text-editor.default\">\n\t\t\t\t<div class=\"elementor-widget-container\">\n\t\t\t\t\t\t\t\t\t<h4>Sobre infraestructuras de telecomunicaciones en los edificios:<\/h4>\n<ul>\n<li style=\"list-style-type: none;\">\n<ul>\n<li><a href=\"https:\/\/boe.es\/boe\/dias\/2019\/10\/03\/pdfs\/BOE-A-2019-14070.pdf\" target=\"_blank\" rel=\"noopener\">Orden ECE\/983\/2019, de 26 de septembro, por la que si regulan las caracter\u00edsticas de reacci\u00f3n a la lumbre de los cables de telecomunicaciones en el interior de las edificaciones, se modifican determinados anexos del Reglamento regulador de las infraestructuras comunes de telecomunicaciones para el acceso a los servicios de telecomunicaci\u00f3n en el interior de las edificaciones, aprobado por el Real Decreto 346\/2011, de 11 de marzo y se modifica el Orden ITC\/1644\/2011, de 10 de junio, por la que si desarrolla dicho reglamento.<\/a><\/li>\n<\/ul>\n<\/li>\n<li style=\"list-style-type: none;\">\n<ul>\n<li><a href=\"http:\/\/www.boe.es\/buscar\/pdf\/2011\/BOE-A-2011-10457-consolidado.pdf\" target=\"_blank\" rel=\"noopener\">Orden ITC 1644\/2011, de 10 de junio, por la que si desarrolla el Reglamento regulador de las infraestructuras comunes de telecomunicaciones<\/a><\/li>\n<\/ul>\n<\/li>\n<li style=\"list-style-type: none;\">\n<ul>\n<li><a href=\"http:\/\/www.boe.es\/buscar\/pdf\/2011\/BOE-A-2011-5834-consolidado.pdf\" target=\"_blank\" rel=\"noopener\">Real Decreto 346\/2011, de 11 de marzo por lo que si aprueba \u00e9l Reglamento Regulador de lanas Infraestructuras Comunes de Telecomunicaciones para \u00e9l acceso a los servicios de telecomunicaci\u00f3n en \u00e9l interior de lanas edificaciones<\/a><\/li>\n<\/ul>\n<\/li>\n<li style=\"list-style-type: none;\">\n<ul>\n<li><a href=\"https:\/\/www.boe.es\/buscar\/doc.php?id=BOE-A-2006-5515\" target=\"_blank\" rel=\"noopener\">Real Decreto 314\/2006, de 17 de marzo por \u00e9l que si aprueba \u00e9l C\u00f3digo T\u00e9cnico de lana edificaci\u00f3n<\/a><\/li>\n<li><a href=\"http:\/\/www.aetg.gal\/sites\/default\/files\/Decreto%20127_2016_de%20infraestruturas%20do%20Fogar%20dixital%20nas%20vivendas%20de%20nova%20construci%C3%B3n.pdf\" target=\"_blank\" rel=\"noopener\">Decreto 127\/2016, de 15 de septiembre , por lo que si regulan las infraestructuras necesarias para posibilitar las funcionalidades del hogar digital en las viviendas de nueva construcci\u00f3n<\/a><\/li>\n<li><a href=\"http:\/\/www.xunta.gal\/dog\/Publicados\/2016\/20160923\/AnuncioG0244-190916-0001_gl.html\" target=\"_blank\" rel=\"noopener\">Orden de 19 de septiembre de 2016 por la que si aprueba la Gu\u00eda de especificaciones de las infraestructuras de telecomunicaciones en la Administraci\u00f3n general y las entidades instrumentales del sector p\u00fablico auton\u00f3mico de Galicia<\/a><\/li>\n<\/ul>\n<\/li>\n<\/ul>\n\t\t\t\t\t\t\t\t<\/div>\n\t\t\t\t<\/div>\n\t\t\t\t\t<\/div>\n\t\t<\/div>\n\t\t\t\t\t<\/div>\n\t\t<\/section>\n\t\t\t\t<section class=\"elementor-section elementor-top-section elementor-element elementor-element-cb8e0e9 elementor-section-boxed elementor-section-height-default elementor-section-height-default\" data-id=\"cb8e0e9\" data-element_type=\"section\">\n\t\t\t\t\t\t<div class=\"elementor-container elementor-column-gap-default\">\n\t\t\t\t\t<div class=\"elementor-column elementor-col-100 elementor-top-column elementor-element elementor-element-fffb88f\" data-id=\"fffb88f\" data-element_type=\"column\">\n\t\t\t<div class=\"elementor-widget-wrap elementor-element-populated\">\n\t\t\t\t\t\t<div class=\"elementor-element elementor-element-991a813 elementor-widget elementor-widget-text-editor\" data-id=\"991a813\" data-element_type=\"widget\" data-widget_type=\"text-editor.default\">\n\t\t\t\t<div class=\"elementor-widget-container\">\n\t\t\t\t\t\t\t\t\t<div class=\"nd-region-middle-wrapper nd-no-sidebars\">\n<div class=\"nd-region-middle\">\n<div class=\"field field-body\">\n<h4>Sobre el suelo:<\/h4>\n<ul>\n<li style=\"list-style-type: none;\">\n<ul>\n<li style=\"list-style-type: none;\">\n<ul>\n<li><a href=\"https:\/\/www.xunta.gal\/dog\/Publicados\/2016\/20160219\/AnuncioC3B0-150216-0001_gl.html\" target=\"_blank\" rel=\"noopener\">Ley 2\/2016, de 10 de febrero, del suelo de Galicia.<\/a><\/li>\n<\/ul>\n<\/li>\n<li style=\"list-style-type: none;\">\n<ul>\n<li><a href=\"https:\/\/www.xunta.gal\/dog\/Publicados\/2016\/20161109\/AnuncioG0422-281016-0013_gl.html\" target=\"_blank\" rel=\"noopener\">Decreto 143\/2016, de 22 de septiembre , por lo que si aprueba el Reglamento de la Ley 2\/2016, de 10 de febrero , del suelo de Galicia.<\/a><\/li>\n<li><a href=\"https:\/\/www.xunta.gal\/dog\/Publicados\/2016\/20161109\/AnuncioG0424-281016-0016_gl.html\" target=\"_blank\" rel=\"noopener\">Decreto 144\/2016, de 22 de septiembre , por lo que si aprueba el Reglamento \u00fanico de regulaci\u00f3n integrada de actividades econ\u00f3micas y apertura de establecimientos.<\/a><\/li>\n<\/ul>\n<\/li>\n<\/ul>\n<\/li>\n<\/ul>\n<h4>Sobre Televisi\u00f3n Digital Terrestre:<\/h4>\n<ul>\n<li style=\"list-style-type: none;\">\n<ul>\n<li style=\"list-style-type: none;\">\n<ul>\n<li><a href=\"https:\/\/www.boe.es\/diario_boe\/txt.php?id=BOE-A-2019-9513\" target=\"_blank\" rel=\"noopener\">Real Decreto 391\/2019, de 21 de junio, por \u00e9l que si aprueba \u00e9l Plan T\u00e9cnico Nacional de lana Televisi\u00f3n Digital Terrestre y si regulan determinados aspectos para lana liberaci\u00f3n de \u00e9l seg\u00fan dividendo digital.<\/a><\/li>\n<\/ul>\n<\/li>\n<\/ul>\n<\/li>\n<\/ul>\n<h4>Sobre contaminaci\u00f3n ac\u00fastica:<\/h4>\n<ul>\n<li style=\"list-style-type: none;\">\n<ul>\n<li style=\"list-style-type: none;\">\n<ul>\n<li><a href=\"https:\/\/www.xunta.gal\/dog\/Publicados\/2015\/20150803\/AnuncioCA02-280715-0002_es.html\" target=\"_blank\" rel=\"noopener\">Decreto 106\/2015, de 9 de julio, sobre contaminaci\u00f3n ac\u00fastica de Galicia<\/a><\/li>\n<\/ul>\n<\/li>\n<\/ul>\n<\/li>\n<\/ul>\n<p><center> <\/center><\/p>\n<p><a href=\"http:\/\/www.aetg.gal\/sites\/default\/files\/OficinaConcellos_AETG_Politica_privacidade.pdf\" target=\"blank\">Pol\u00edtica de privacidad Oficina Ayuntamientos<\/a><\/p>\n<\/div>\n<\/div>\n<\/div>\n\t\t\t\t\t\t\t\t<\/div>\n\t\t\t\t<\/div>\n\t\t\t\t\t<\/div>\n\t\t<\/div>\n\t\t\t\t\t<\/div>\n\t\t<\/section>\n\t\t\t\t<\/div>\n\t\t","protected":false},"excerpt":{"rendered":"<p>Legislaci\u00f3n y enlaces de inter\u00e9s Gu\u00eda T\u00e9cnica de Infraestructuras de Fogar Dixital Gu\u00eda T\u00e9cnica Infraestruturas de Fogar Dixital Anexo planos Gu\u00eda IFD Proyecto Tipo Fogar Dixital Otras gu\u00edas de inter\u00e9s Gu\u00eda de Soluciones de Conectividad en casa ante la crisis del COVID-19 Presentaci\u00f3n Gu\u00eda Casos Pr\u00e1cticos Tramitaci\u00f3n Infraestructuras Telecomunicaciones Recomendaciones para la introducci\u00f3n de infraestructuras&#8230;<\/p>\n","protected":false},"author":1,"featured_media":0,"parent":0,"menu_order":0,"comment_status":"closed","ping_status":"closed","template":"","meta":{"footnotes":""},"class_list":["post-5997","page","type-page","status-publish","hentry"],"yoast_head":"<!-- This site is optimized with the Yoast SEO Premium plugin v21.6 (Yoast SEO v26.8) - https:\/\/yoast.com\/product\/yoast-seo-premium-wordpress\/ -->\n<title>Legislaci\u00f3n y enlaces de inter\u00e9s - Colegio Oficial de Ingenieros T\u00e9cnicos de Telecomunicaciones de Galicia - COETTGA<\/title>\n<meta name=\"robots\" content=\"index, follow, max-snippet:-1, max-image-preview:large, max-video-preview:-1\" \/>\n<link rel=\"canonical\" href=\"https:\/\/coettga.es\/es\/legislacion-y-enlaces-de-interes\/\" \/>\n<meta property=\"og:locale\" content=\"es_ES\" \/>\n<meta property=\"og:type\" content=\"article\" \/>\n<meta property=\"og:title\" content=\"Legislaci\u00f3n y enlaces de inter\u00e9s\" \/>\n<meta property=\"og:description\" content=\"Legislaci\u00f3n y enlaces de inter\u00e9s Gu\u00eda T\u00e9cnica de Infraestructuras de Fogar Dixital Gu\u00eda T\u00e9cnica Infraestruturas de Fogar Dixital Anexo planos Gu\u00eda IFD Proyecto Tipo Fogar Dixital Otras gu\u00edas de inter\u00e9s Gu\u00eda de Soluciones de Conectividad en casa ante la crisis del COVID-19 Presentaci\u00f3n Gu\u00eda Casos Pr\u00e1cticos Tramitaci\u00f3n Infraestructuras Telecomunicaciones Recomendaciones para la introducci\u00f3n de infraestructuras...\" \/>\n<meta property=\"og:url\" content=\"https:\/\/coettga.es\/es\/legislacion-y-enlaces-de-interes\/\" \/>\n<meta property=\"og:site_name\" content=\"Colegio Oficial de Ingenieros T\u00e9cnicos de Telecomunicaciones de Galicia - COETTGA\" \/>\n<meta property=\"article:publisher\" content=\"https:\/\/www.facebook.com\/coettga\/\" \/>\n<meta property=\"article:modified_time\" content=\"2024-03-08T09:06:51+00:00\" \/>\n<meta property=\"og:image\" content=\"https:\/\/coettga.es\/wp-content\/uploads\/2023\/11\/coettga-agett_color.png\" \/>\n\t<meta property=\"og:image:width\" content=\"302\" \/>\n\t<meta property=\"og:image:height\" content=\"115\" \/>\n\t<meta property=\"og:image:type\" content=\"image\/png\" \/>\n<meta name=\"twitter:card\" content=\"summary_large_image\" \/>\n<meta name=\"twitter:site\" content=\"@coettga\" \/>\n<meta name=\"twitter:label1\" content=\"Tiempo de lectura\" \/>\n\t<meta name=\"twitter:data1\" content=\"5 minutos\" \/>\n<script type=\"application\/ld+json\" class=\"yoast-schema-graph\">{\"@context\":\"https:\/\/schema.org\",\"@graph\":[{\"@type\":\"WebPage\",\"@id\":\"https:\/\/coettga.es\/es\/legislacion-y-enlaces-de-interes\/\",\"url\":\"https:\/\/coettga.es\/es\/legislacion-y-enlaces-de-interes\/\",\"name\":\"Legislaci\u00f3n y enlaces de inter\u00e9s - Colegio Oficial de Ingenieros T\u00e9cnicos de Telecomunicaciones de Galicia - COETTGA\",\"isPartOf\":{\"@id\":\"https:\/\/coettga.es\/#website\"},\"datePublished\":\"2023-12-04T15:40:44+00:00\",\"dateModified\":\"2024-03-08T09:06:51+00:00\",\"breadcrumb\":{\"@id\":\"https:\/\/coettga.es\/es\/legislacion-y-enlaces-de-interes\/#breadcrumb\"},\"inLanguage\":\"es\",\"potentialAction\":[{\"@type\":\"ReadAction\",\"target\":[\"https:\/\/coettga.es\/es\/legislacion-y-enlaces-de-interes\/\"]}]},{\"@type\":\"BreadcrumbList\",\"@id\":\"https:\/\/coettga.es\/es\/legislacion-y-enlaces-de-interes\/#breadcrumb\",\"itemListElement\":[{\"@type\":\"ListItem\",\"position\":1,\"name\":\"COETTGA\",\"item\":\"https:\/\/coettga.es\/\"},{\"@type\":\"ListItem\",\"position\":2,\"name\":\"Legislaci\u00f3n y enlaces de inter\u00e9s\"}]},{\"@type\":\"WebSite\",\"@id\":\"https:\/\/coettga.es\/#website\",\"url\":\"https:\/\/coettga.es\/\",\"name\":\"Coettga Colexio Oficial de Enxe\u00f1eiros T\u00e9cnicos de Telecomunicaci\u00f3ns de Galicia\",\"description\":\"Ingenieros T\u00e9cnicos de Telecomunicaciones de Galicia - COETTGA\",\"publisher\":{\"@id\":\"https:\/\/coettga.es\/#organization\"},\"alternateName\":\"Colegio Oficial de Ingenieros T\u00e9cnicos de Telecomunicaciones de Galicia Coettga\",\"potentialAction\":[{\"@type\":\"SearchAction\",\"target\":{\"@type\":\"EntryPoint\",\"urlTemplate\":\"https:\/\/coettga.es\/?s={search_term_string}\"},\"query-input\":{\"@type\":\"PropertyValueSpecification\",\"valueRequired\":true,\"valueName\":\"search_term_string\"}}],\"inLanguage\":\"es\"},{\"@type\":\"Organization\",\"@id\":\"https:\/\/coettga.es\/#organization\",\"name\":\"Coettga - Colexio Oficial de Enxe\u00f1eiros T\u00e9cnicos de Telecomunicaci\u00f3ns de Galicia\",\"alternateName\":\"Ingenieros T\u00e9cnicos de Telecomunicaciones de Galicia\",\"url\":\"https:\/\/coettga.es\/\",\"logo\":{\"@type\":\"ImageObject\",\"inLanguage\":\"es\",\"@id\":\"https:\/\/coettga.es\/#\/schema\/logo\/image\/\",\"url\":\"https:\/\/coettga.es\/wp-content\/uploads\/2022\/03\/avatar-galicia.jpg\",\"contentUrl\":\"https:\/\/coettga.es\/wp-content\/uploads\/2022\/03\/avatar-galicia.jpg\",\"width\":1563,\"height\":1563,\"caption\":\"Coettga - Colexio Oficial de Enxe\u00f1eiros T\u00e9cnicos de Telecomunicaci\u00f3ns de Galicia\"},\"image\":{\"@id\":\"https:\/\/coettga.es\/#\/schema\/logo\/image\/\"},\"sameAs\":[\"https:\/\/www.facebook.com\/coettga\/\",\"https:\/\/x.com\/coettga\",\"https:\/\/www.linkedin.com\/company\/10946667\/admin\/\",\"https:\/\/www.instagram.com\/coettga\"]}]}<\/script>\n<!-- \/ Yoast SEO Premium plugin. -->","yoast_head_json":{"title":"Legislaci\u00f3n y enlaces de inter\u00e9s - Colegio Oficial de Ingenieros T\u00e9cnicos de Telecomunicaciones de Galicia - COETTGA","robots":{"index":"index","follow":"follow","max-snippet":"max-snippet:-1","max-image-preview":"max-image-preview:large","max-video-preview":"max-video-preview:-1"},"canonical":"https:\/\/coettga.es\/es\/legislacion-y-enlaces-de-interes\/","og_locale":"es_ES","og_type":"article","og_title":"Legislaci\u00f3n y enlaces de inter\u00e9s","og_description":"Legislaci\u00f3n y enlaces de inter\u00e9s Gu\u00eda T\u00e9cnica de Infraestructuras de Fogar Dixital Gu\u00eda T\u00e9cnica Infraestruturas de Fogar Dixital Anexo planos Gu\u00eda IFD Proyecto Tipo Fogar Dixital Otras gu\u00edas de inter\u00e9s Gu\u00eda de Soluciones de Conectividad en casa ante la crisis del COVID-19 Presentaci\u00f3n Gu\u00eda Casos Pr\u00e1cticos Tramitaci\u00f3n Infraestructuras Telecomunicaciones Recomendaciones para la introducci\u00f3n de infraestructuras...","og_url":"https:\/\/coettga.es\/es\/legislacion-y-enlaces-de-interes\/","og_site_name":"Colegio Oficial de Ingenieros T\u00e9cnicos de Telecomunicaciones de Galicia - COETTGA","article_publisher":"https:\/\/www.facebook.com\/coettga\/","article_modified_time":"2024-03-08T09:06:51+00:00","og_image":[{"width":302,"height":115,"url":"https:\/\/coettga.es\/wp-content\/uploads\/2023\/11\/coettga-agett_color.png","type":"image\/png"}],"twitter_card":"summary_large_image","twitter_site":"@coettga","twitter_misc":{"Tiempo de lectura":"5 minutos"},"schema":{"@context":"https:\/\/schema.org","@graph":[{"@type":"WebPage","@id":"https:\/\/coettga.es\/es\/legislacion-y-enlaces-de-interes\/","url":"https:\/\/coettga.es\/es\/legislacion-y-enlaces-de-interes\/","name":"Legislaci\u00f3n y enlaces de inter\u00e9s - Colegio Oficial de Ingenieros T\u00e9cnicos de Telecomunicaciones de Galicia - COETTGA","isPartOf":{"@id":"https:\/\/coettga.es\/#website"},"datePublished":"2023-12-04T15:40:44+00:00","dateModified":"2024-03-08T09:06:51+00:00","breadcrumb":{"@id":"https:\/\/coettga.es\/es\/legislacion-y-enlaces-de-interes\/#breadcrumb"},"inLanguage":"es","potentialAction":[{"@type":"ReadAction","target":["https:\/\/coettga.es\/es\/legislacion-y-enlaces-de-interes\/"]}]},{"@type":"BreadcrumbList","@id":"https:\/\/coettga.es\/es\/legislacion-y-enlaces-de-interes\/#breadcrumb","itemListElement":[{"@type":"ListItem","position":1,"name":"COETTGA","item":"https:\/\/coettga.es\/"},{"@type":"ListItem","position":2,"name":"Legislaci\u00f3n y enlaces de inter\u00e9s"}]},{"@type":"WebSite","@id":"https:\/\/coettga.es\/#website","url":"https:\/\/coettga.es\/","name":"Coettga Colexio Oficial de Enxe\u00f1eiros T\u00e9cnicos de Telecomunicaci\u00f3ns de Galicia","description":"Ingenieros T\u00e9cnicos de Telecomunicaciones de Galicia - COETTGA","publisher":{"@id":"https:\/\/coettga.es\/#organization"},"alternateName":"Colegio Oficial de Ingenieros T\u00e9cnicos de Telecomunicaciones de Galicia Coettga","potentialAction":[{"@type":"SearchAction","target":{"@type":"EntryPoint","urlTemplate":"https:\/\/coettga.es\/?s={search_term_string}"},"query-input":{"@type":"PropertyValueSpecification","valueRequired":true,"valueName":"search_term_string"}}],"inLanguage":"es"},{"@type":"Organization","@id":"https:\/\/coettga.es\/#organization","name":"Coettga - Colexio Oficial de Enxe\u00f1eiros T\u00e9cnicos de Telecomunicaci\u00f3ns de Galicia","alternateName":"Ingenieros T\u00e9cnicos de Telecomunicaciones de Galicia","url":"https:\/\/coettga.es\/","logo":{"@type":"ImageObject","inLanguage":"es","@id":"https:\/\/coettga.es\/#\/schema\/logo\/image\/","url":"https:\/\/coettga.es\/wp-content\/uploads\/2022\/03\/avatar-galicia.jpg","contentUrl":"https:\/\/coettga.es\/wp-content\/uploads\/2022\/03\/avatar-galicia.jpg","width":1563,"height":1563,"caption":"Coettga - Colexio Oficial de Enxe\u00f1eiros T\u00e9cnicos de Telecomunicaci\u00f3ns de Galicia"},"image":{"@id":"https:\/\/coettga.es\/#\/schema\/logo\/image\/"},"sameAs":["https:\/\/www.facebook.com\/coettga\/","https:\/\/x.com\/coettga","https:\/\/www.linkedin.com\/company\/10946667\/admin\/","https:\/\/www.instagram.com\/coettga"]}]}},"_links":{"self":[{"href":"https:\/\/coettga.es\/es\/wp-json\/wp\/v2\/pages\/5997","targetHints":{"allow":["GET"]}}],"collection":[{"href":"https:\/\/coettga.es\/es\/wp-json\/wp\/v2\/pages"}],"about":[{"href":"https:\/\/coettga.es\/es\/wp-json\/wp\/v2\/types\/page"}],"author":[{"embeddable":true,"href":"https:\/\/coettga.es\/es\/wp-json\/wp\/v2\/users\/1"}],"replies":[{"embeddable":true,"href":"https:\/\/coettga.es\/es\/wp-json\/wp\/v2\/comments?post=5997"}],"version-history":[{"count":6,"href":"https:\/\/coettga.es\/es\/wp-json\/wp\/v2\/pages\/5997\/revisions"}],"predecessor-version":[{"id":6644,"href":"https:\/\/coettga.es\/es\/wp-json\/wp\/v2\/pages\/5997\/revisions\/6644"}],"wp:attachment":[{"href":"https:\/\/coettga.es\/es\/wp-json\/wp\/v2\/media?parent=5997"}],"curies":[{"name":"wp","href":"https:\/\/api.w.org\/{rel}","templated":true}]}}